{"id":168,"date":"2018-01-24T15:49:31","date_gmt":"2018-01-24T15:49:31","guid":{"rendered":"http:\/\/www.didacticaymatematicas.info\/SAI-content\/?page_id=168"},"modified":"2018-06-18T23:03:53","modified_gmt":"2018-06-18T23:03:53","slug":"curiosidades","status":"publish","type":"page","link":"https:\/\/www.didacticaymatematicas.info\/SAI-content\/curiosidades\/","title":{"rendered":"Curiosidades"},"content":{"rendered":"\t\t<div data-elementor-type=\"wp-page\" data-elementor-id=\"168\" class=\"elementor elementor-168 elementor-bc-flex-widget\">\n\t\t\t\t\t\t<div class=\"elementor-inner\">\n\t\t\t\t<div class=\"elementor-section-wrap\">\n\t\t\t\t\t\t\t\t\t<section class=\"elementor-section elementor-top-section elementor-element elementor-element-7a003c14 elementor-section-boxed elementor-section-height-default elementor-section-height-default\" data-id=\"7a003c14\" data-element_type=\"section\" data-settings=\"{&quot;background_background&quot;:&quot;classic&quot;}\">\n\t\t\t\t\t\t<div class=\"elementor-container elementor-column-gap-default\">\n\t\t\t\t\t\t\t<div class=\"elementor-row\">\n\t\t\t\t\t<div class=\"elementor-column elementor-col-50 elementor-top-column elementor-element elementor-element-23efa26d\" data-id=\"23efa26d\" data-element_type=\"column\">\n\t\t\t<div class=\"elementor-column-wrap elementor-element-populated\">\n\t\t\t\t\t\t\t<div class=\"elementor-widget-wrap\">\n\t\t\t\t\t\t<div class=\"elementor-element elementor-element-17c9c248 elementor-widget elementor-widget-menu-anchor\" data-id=\"17c9c248\" data-element_type=\"widget\" data-widget_type=\"menu-anchor.default\">\n\t\t\t\t<div class=\"elementor-widget-container\">\n\t\t\t\t\t<div id=\"inicio\" class=\"elementor-menu-anchor\"><\/div>\n\t\t\t\t<\/div>\n\t\t\t\t<\/div>\n\t\t\t\t<div class=\"elementor-element elementor-element-16876f00 elementor-widget elementor-widget-spacer\" data-id=\"16876f00\" data-element_type=\"widget\" data-widget_type=\"spacer.default\">\n\t\t\t\t<div class=\"elementor-widget-container\">\n\t\t\t\t\t<div class=\"elementor-spacer\">\n\t\t\t<div class=\"elementor-spacer-inner\"><\/div>\n\t\t<\/div>\n\t\t\t\t<\/div>\n\t\t\t\t<\/div>\n\t\t\t\t<div class=\"elementor-element elementor-element-38459eed elementor-widget elementor-widget-html\" data-id=\"38459eed\" data-element_type=\"widget\" data-widget_type=\"html.default\">\n\t\t\t\t<div class=\"elementor-widget-container\">\n\t\t\t<a href=\"javascript:history.back()\" style=\"color:#FFFF; font-size:15px;\" >Volver a men\u00fa Actividades Inteligentes<\/a>\n\n\t\t<\/div>\n\t\t\t\t<\/div>\n\t\t\t\t<div class=\"elementor-element elementor-element-500bbb99 elementor-widget elementor-widget-spacer\" data-id=\"500bbb99\" data-element_type=\"widget\" data-widget_type=\"spacer.default\">\n\t\t\t\t<div class=\"elementor-widget-container\">\n\t\t\t\t\t<div class=\"elementor-spacer\">\n\t\t\t<div class=\"elementor-spacer-inner\"><\/div>\n\t\t<\/div>\n\t\t\t\t<\/div>\n\t\t\t\t<\/div>\n\t\t\t\t\t\t<\/div>\n\t\t\t\t\t<\/div>\n\t\t<\/div>\n\t\t\t\t<div class=\"elementor-column elementor-col-50 elementor-top-column elementor-element elementor-element-ea350c9\" data-id=\"ea350c9\" data-element_type=\"column\">\n\t\t\t<div class=\"elementor-column-wrap elementor-element-populated\">\n\t\t\t\t\t\t\t<div class=\"elementor-widget-wrap\">\n\t\t\t\t\t\t<div class=\"elementor-element elementor-element-f536607 elementor-widget elementor-widget-spacer\" data-id=\"f536607\" data-element_type=\"widget\" data-widget_type=\"spacer.default\">\n\t\t\t\t<div class=\"elementor-widget-container\">\n\t\t\t\t\t<div class=\"elementor-spacer\">\n\t\t\t<div class=\"elementor-spacer-inner\"><\/div>\n\t\t<\/div>\n\t\t\t\t<\/div>\n\t\t\t\t<\/div>\n\t\t\t\t<div class=\"elementor-element elementor-element-fbfade9 elementor-widget elementor-widget-spacer\" data-id=\"fbfade9\" data-element_type=\"widget\" data-widget_type=\"spacer.default\">\n\t\t\t\t<div class=\"elementor-widget-container\">\n\t\t\t\t\t<div class=\"elementor-spacer\">\n\t\t\t<div class=\"elementor-spacer-inner\"><\/div>\n\t\t<\/div>\n\t\t\t\t<\/div>\n\t\t\t\t<\/div>\n\t\t\t\t<div class=\"elementor-element elementor-element-cc77d25 elementor-widget elementor-widget-heading\" data-id=\"cc77d25\" data-element_type=\"widget\" data-widget_type=\"heading.default\">\n\t\t\t\t<div class=\"elementor-widget-container\">\n\t\t\t<h2 class=\"elementor-heading-title elementor-size-default\">Curiosidades<\/h2>\t\t<\/div>\n\t\t\t\t<\/div>\n\t\t\t\t<section class=\"elementor-section elementor-inner-section elementor-element elementor-element-78c72f5 elementor-section-boxed elementor-section-height-default elementor-section-height-default\" data-id=\"78c72f5\" data-element_type=\"section\">\n\t\t\t\t\t\t<div class=\"elementor-container elementor-column-gap-default\">\n\t\t\t\t\t\t\t<div class=\"elementor-row\">\n\t\t\t\t\t<div class=\"elementor-column elementor-col-100 elementor-inner-column elementor-element elementor-element-4d2786b\" data-id=\"4d2786b\" data-element_type=\"column\">\n\t\t\t<div class=\"elementor-column-wrap elementor-element-populated\">\n\t\t\t\t\t\t\t<div class=\"elementor-widget-wrap\">\n\t\t\t\t\t\t\t\t<\/div>\n\t\t\t\t\t<\/div>\n\t\t<\/div>\n\t\t\t\t\t\t\t\t<\/div>\n\t\t\t\t\t<\/div>\n\t\t<\/section>\n\t\t\t\t<div class=\"elementor-element elementor-element-56e4d59 elementor-widget elementor-widget-spacer\" data-id=\"56e4d59\" data-element_type=\"widget\" data-widget_type=\"spacer.default\">\n\t\t\t\t<div class=\"elementor-widget-container\">\n\t\t\t\t\t<div class=\"elementor-spacer\">\n\t\t\t<div class=\"elementor-spacer-inner\"><\/div>\n\t\t<\/div>\n\t\t\t\t<\/div>\n\t\t\t\t<\/div>\n\t\t\t\t\t\t<\/div>\n\t\t\t\t\t<\/div>\n\t\t<\/div>\n\t\t\t\t\t\t\t\t<\/div>\n\t\t\t\t\t<\/div>\n\t\t<\/section>\n\t\t\t\t<section class=\"elementor-section elementor-top-section elementor-element elementor-element-40869fdb elementor-section-boxed elementor-section-height-default elementor-section-height-default\" data-id=\"40869fdb\" data-element_type=\"section\" data-settings=\"{&quot;background_background&quot;:&quot;classic&quot;}\">\n\t\t\t\t\t\t<div class=\"elementor-container elementor-column-gap-default\">\n\t\t\t\t\t\t\t<div class=\"elementor-row\">\n\t\t\t\t\t<div class=\"elementor-column elementor-col-100 elementor-top-column elementor-element elementor-element-5aed0a1a\" data-id=\"5aed0a1a\" data-element_type=\"column\">\n\t\t\t<div class=\"elementor-column-wrap elementor-element-populated\">\n\t\t\t\t\t\t\t<div class=\"elementor-widget-wrap\">\n\t\t\t\t\t\t<div class=\"elementor-element elementor-element-4c9d21c elementor-widget elementor-widget-heading\" data-id=\"4c9d21c\" data-element_type=\"widget\" data-widget_type=\"heading.default\">\n\t\t\t\t<div class=\"elementor-widget-container\">\n\t\t\t<h2 class=\"elementor-heading-title elementor-size-default\">\u00bfQu\u00e9 contiene el agua de mar?<\/h2>\t\t<\/div>\n\t\t\t\t<\/div>\n\t\t\t\t<div class=\"elementor-element elementor-element-55e24aa elementor-widget elementor-widget-image\" data-id=\"55e24aa\" data-element_type=\"widget\" data-widget_type=\"image.default\">\n\t\t\t\t<div class=\"elementor-widget-container\">\n\t\t\t\t\t\t\t\t<div class=\"elementor-image\">\n\t\t\t\t\t\t\t\t\t\t\t\t<img decoding=\"async\" src=\"https:\/\/www.didacticaymatematicas.info\/SAI-content\/wp-content\/uploads\/2018\/01\/mar.jpg\" title=\"mar\" alt=\"mar\" loading=\"lazy\" \/>\t\t\t\t\t\t\t\t\t\t\t\t\t\t<\/div>\n\t\t\t\t\t\t<\/div>\n\t\t\t\t<\/div>\n\t\t\t\t<div class=\"elementor-element elementor-element-683cee5d elementor-widget elementor-widget-text-editor\" data-id=\"683cee5d\" data-element_type=\"widget\" data-widget_type=\"text-editor.default\">\n\t\t\t\t<div class=\"elementor-widget-container\">\n\t\t\t\t\t\t\t\t<div class=\"elementor-text-editor elementor-clearfix\">\n\t\t\t\t<p>El agua de mar est\u00e1 compuesta por\u00a0minerales y plancton.<\/p><p><strong>El agua mineral<\/strong><\/p><p>Miles de millones de toneladas de minerales est\u00e1n disueltos en el mar y la mayor parte son de sal. La \u201csal marina\u201d es el elemento principal, pero tambi\u00e9n est\u00e1n las sales de magnesio, las de fl\u00faor, las de calcio o las de yodo, que poseen un olor extremadamente\u00a0caracter\u00edstico.<\/p><p><strong>El agua viva<\/strong><\/p><p>Animales y vegetales min\u00fasculos flotan en el agua de mar y a eso es a lo que llamamos plancton. Algunos son tan peque\u00f1itos, que solo podemos observarlos a trav\u00e9s del microscopio. Las algas, por su parte, forman el llamado plancton vegetal. El plancton animal est\u00e1 compuesto de crust\u00e1ceos, larvas\u2026y los mayores de estos crust\u00e1ceos solo miden \u00a12 cm!<\/p><p><strong>Los beneficios del agua de mar<\/strong><\/p><p>El agua de mar es tan rica que se utiliza para muchas cosas, entre ellas cocinar o curar. A esta acci\u00f3n de curar a trav\u00e9s del agua le llamamos talasoterapia, que se practica en lugares\u00a0especializados. All\u00ed se aprovechan los beneficios que existen para la salud de los llamados oligoelementos, como por ejemplo el yodo, muy escaso, el magnesio o el zinc.<\/p>\t\t\t\t\t<\/div>\n\t\t\t\t\t\t<\/div>\n\t\t\t\t<\/div>\n\t\t\t\t<div class=\"elementor-element elementor-element-abd8b8b elementor-widget elementor-widget-menu-anchor\" data-id=\"abd8b8b\" data-element_type=\"widget\" data-widget_type=\"menu-anchor.default\">\n\t\t\t\t<div class=\"elementor-widget-container\">\n\t\t\t\t\t<div id=\"demo\" class=\"elementor-menu-anchor\"><\/div>\n\t\t\t\t<\/div>\n\t\t\t\t<\/div>\n\t\t\t\t<div class=\"elementor-element elementor-element-0245f32 elementor-widget elementor-widget-spacer\" data-id=\"0245f32\" data-element_type=\"widget\" data-widget_type=\"spacer.default\">\n\t\t\t\t<div class=\"elementor-widget-container\">\n\t\t\t\t\t<div class=\"elementor-spacer\">\n\t\t\t<div class=\"elementor-spacer-inner\"><\/div>\n\t\t<\/div>\n\t\t\t\t<\/div>\n\t\t\t\t<\/div>\n\t\t\t\t\t\t<\/div>\n\t\t\t\t\t<\/div>\n\t\t<\/div>\n\t\t\t\t\t\t\t\t<\/div>\n\t\t\t\t\t<\/div>\n\t\t<\/section>\n\t\t\t\t<section class=\"elementor-section elementor-top-section elementor-element elementor-element-77ccf9e elementor-section-boxed elementor-section-height-default elementor-section-height-default\" data-id=\"77ccf9e\" data-element_type=\"section\" data-settings=\"{&quot;background_background&quot;:&quot;classic&quot;}\">\n\t\t\t\t\t\t<div class=\"elementor-container elementor-column-gap-default\">\n\t\t\t\t\t\t\t<div class=\"elementor-row\">\n\t\t\t\t\t<div class=\"elementor-column elementor-col-100 elementor-top-column elementor-element elementor-element-10a2bc0\" data-id=\"10a2bc0\" data-element_type=\"column\">\n\t\t\t<div class=\"elementor-column-wrap elementor-element-populated\">\n\t\t\t\t\t\t\t<div class=\"elementor-widget-wrap\">\n\t\t\t\t\t\t<div class=\"elementor-element elementor-element-e28cf8a elementor-widget elementor-widget-heading\" data-id=\"e28cf8a\" data-element_type=\"widget\" data-widget_type=\"heading.default\">\n\t\t\t\t<div class=\"elementor-widget-container\">\n\t\t\t<h2 class=\"elementor-heading-title elementor-size-default\">El Pulpo<\/h2>\t\t<\/div>\n\t\t\t\t<\/div>\n\t\t\t\t<div class=\"elementor-element elementor-element-7959a91 elementor-widget elementor-widget-image\" data-id=\"7959a91\" data-element_type=\"widget\" data-widget_type=\"image.default\">\n\t\t\t\t<div class=\"elementor-widget-container\">\n\t\t\t\t\t\t\t\t<div class=\"elementor-image\">\n\t\t\t\t\t\t\t\t\t\t\t\t<img decoding=\"async\" src=\"https:\/\/www.didacticaymatematicas.info\/SAI-content\/wp-content\/uploads\/2018\/01\/pulpo.jpg\" title=\"pulpo\" alt=\"pulpo\" loading=\"lazy\" \/>\t\t\t\t\t\t\t\t\t\t\t\t\t\t<\/div>\n\t\t\t\t\t\t<\/div>\n\t\t\t\t<\/div>\n\t\t\t\t<div class=\"elementor-element elementor-element-55c4270 elementor-widget elementor-widget-text-editor\" data-id=\"55c4270\" data-element_type=\"widget\" data-widget_type=\"text-editor.default\">\n\t\t\t\t<div class=\"elementor-widget-container\">\n\t\t\t\t\t\t\t\t<div class=\"elementor-text-editor elementor-clearfix\">\n\t\t\t\t<p><strong>El h\u00e1bitat del pulpo<\/strong><\/p><p>El pulpo es un molusco que vive en el fondo del mar.<\/p><p><strong>El refugio del pulpo<\/strong><\/p><p>Es un animal secreto, que se esconde entre los corales o entre las rocas. El pulpo est\u00e1 muy apegado a su territorio, y solo se mueve para buscar su comida. Sale de su refugio y despliega sus ocho largos brazos armados de ventosas, que pueden medir hasta ocho metros de largo. \u00a1Siembra el p\u00e1nico entre los peces, los cangrejos y las estrellas de mar!<\/p><p><strong>Alimentaci\u00f3n<\/strong><\/p><p>El pulpo se arroja sobre su presa, la aprisiona entre sus tent\u00e1culos y se la lleva a su refugio. All\u00ed, antes de com\u00e9rsela, la paraliza con un veneno que contiene su saliva. Cuando regresa a su escondrijo, se esconde e incuba sus huevos con toda tranquilidad: pone entre 100.000 y 500.000 huevos.<\/p><p><strong>Camuflaje<\/strong><\/p><p>El pulpo tiene m\u00e1s de un truco para escapar de sus depredadores, como por ejemplo los peces grandes. Adopta el color del suelo sobre el que se ha posado y as\u00ed se vuelve invisible. Pero tambi\u00e9n puede bombardear a sus enemigos con un chorro de tinta negra. Esta tinta procede de un bolsillo que tiene en su vientre.<\/p><p><strong>\u00bfExisten pulpos en todo el mundo?<\/strong><\/p><p>Podemos encontrar pulpos en el mar Mediterr\u00e1neo, a lo largo de las costas africanas y en todo el Oc\u00e9ano Pac\u00edfico. Los pulpos gigantes viven en las profundidades de los oc\u00e9anos. Los marineros los tem\u00edan, pues esos monstruos pod\u00edan capturar sus barcos con sus largos tent\u00e1culos y arrastrarlos al fondo del\u00a0<span style=\"font-size: inherit;\">mar.<\/span><\/p>\t\t\t\t\t<\/div>\n\t\t\t\t\t\t<\/div>\n\t\t\t\t<\/div>\n\t\t\t\t\t\t<\/div>\n\t\t\t\t\t<\/div>\n\t\t<\/div>\n\t\t\t\t\t\t\t\t<\/div>\n\t\t\t\t\t<\/div>\n\t\t<\/section>\n\t\t\t\t<section class=\"elementor-section elementor-top-section elementor-element elementor-element-3ac3660 elementor-section-boxed elementor-section-height-default elementor-section-height-default\" data-id=\"3ac3660\" data-element_type=\"section\" data-settings=\"{&quot;background_background&quot;:&quot;classic&quot;}\">\n\t\t\t\t\t\t<div class=\"elementor-container elementor-column-gap-default\">\n\t\t\t\t\t\t\t<div class=\"elementor-row\">\n\t\t\t\t\t<div class=\"elementor-column elementor-col-100 elementor-top-column elementor-element elementor-element-9d48859\" data-id=\"9d48859\" data-element_type=\"column\">\n\t\t\t<div class=\"elementor-column-wrap elementor-element-populated\">\n\t\t\t\t\t\t\t<div class=\"elementor-widget-wrap\">\n\t\t\t\t\t\t<div class=\"elementor-element elementor-element-dda5f79 elementor-widget elementor-widget-heading\" data-id=\"dda5f79\" data-element_type=\"widget\" data-widget_type=\"heading.default\">\n\t\t\t\t<div class=\"elementor-widget-container\">\n\t\t\t<h2 class=\"elementor-heading-title elementor-size-default\">Los pa\u00edses de Am\u00e9rica Central<\/h2>\t\t<\/div>\n\t\t\t\t<\/div>\n\t\t\t\t<div class=\"elementor-element elementor-element-13dae32 elementor-widget elementor-widget-image\" data-id=\"13dae32\" data-element_type=\"widget\" data-widget_type=\"image.default\">\n\t\t\t\t<div class=\"elementor-widget-container\">\n\t\t\t\t\t\t\t\t<div class=\"elementor-image\">\n\t\t\t\t\t\t\t\t\t\t\t\t<img decoding=\"async\" src=\"https:\/\/www.didacticaymatematicas.info\/SAI-content\/wp-content\/uploads\/2018\/01\/america-cent.jpg\" title=\"america-cent\" alt=\"america-cent\" loading=\"lazy\" \/>\t\t\t\t\t\t\t\t\t\t\t\t\t\t<\/div>\n\t\t\t\t\t\t<\/div>\n\t\t\t\t<\/div>\n\t\t\t\t<div class=\"elementor-element elementor-element-1514291 elementor-widget elementor-widget-text-editor\" data-id=\"1514291\" data-element_type=\"widget\" data-widget_type=\"text-editor.default\">\n\t\t\t\t<div class=\"elementor-widget-container\">\n\t\t\t\t\t\t\t\t<div class=\"elementor-text-editor elementor-clearfix\">\n\t\t\t\t<p><span style=\"color: #333333;\">Am\u00e9rica Central est\u00e1 formada por 7 pa\u00edses.<\/span><\/p><p><span style=\"color: #333333;\"><strong>Guirnalda americana<\/strong><\/span><\/p><p><span style=\"color: #333333;\">Am\u00e9rica Central es una larga y estrecha franja de tierra que une dos gigantes:<\/span><br \/><span style=\"color: #333333;\">Am\u00e9rica del Norte y Am\u00e9rica del Sur. Entre M\u00e9xico, al norte, y Colombia, al sur, se\u00a0<\/span><span style=\"color: #333333;\">alinean siete pa\u00edses: Guatemala, Belice, El Salvador, Honduras, Nicaragua, Costa\u00a0Rica y Panam\u00e1.<\/span><br \/><span style=\"color: #333333;\"><strong>Tr\u00f3picos violentos\u00a0<\/strong><\/span><\/p><p><span style=\"color: #333333;\">Am\u00e9rica Central es una regi\u00f3n monta\u00f1osa. Tambi\u00e9n es peligrosa, pues tiene\u00a0<\/span><span style=\"color: #333333;\">docenas de volcanes activos y la sacuden con frecuencia los terremotos. En esta\u00a0<\/span><span style=\"color: #333333;\">regi\u00f3n del mundo, situada bajo los tr\u00f3picos, se produce ca\u00f1a de az\u00facar, ma\u00edz,\u00a0bananas, c\u00edtricos y caf\u00e9.<\/span><br \/><span style=\"color: #333333;\"><strong>El canal de Panam\u00e1<\/strong><\/span><\/p><p><span style=\"color: #333333;\">Durante siglos, los barcos deb\u00edan rodear Am\u00e9rica para pasar del oc\u00e9ano Atl\u00e1ntico\u00a0<\/span><span style=\"color: #333333;\">al oc\u00e9ano Pac\u00edfico. Con el fin de evitarlo, se construy\u00f3 un canal en el istmo de\u00a0<\/span><span style=\"color: #333333;\">Panam\u00e1. El primer buque atraves\u00f3 el canal hace ya m\u00e1s de cien a\u00f1os, en 1913.<\/span><\/p>\t\t\t\t\t<\/div>\n\t\t\t\t\t\t<\/div>\n\t\t\t\t<\/div>\n\t\t\t\t\t\t<\/div>\n\t\t\t\t\t<\/div>\n\t\t<\/div>\n\t\t\t\t\t\t\t\t<\/div>\n\t\t\t\t\t<\/div>\n\t\t<\/section>\n\t\t\t\t<section class=\"elementor-section elementor-top-section elementor-element elementor-element-fcacc3e elementor-section-boxed elementor-section-height-default elementor-section-height-default\" data-id=\"fcacc3e\" data-element_type=\"section\" data-settings=\"{&quot;background_background&quot;:&quot;classic&quot;}\">\n\t\t\t\t\t\t<div class=\"elementor-container elementor-column-gap-default\">\n\t\t\t\t\t\t\t<div class=\"elementor-row\">\n\t\t\t\t\t<div class=\"elementor-column elementor-col-100 elementor-top-column elementor-element elementor-element-b790a56\" data-id=\"b790a56\" data-element_type=\"column\">\n\t\t\t<div class=\"elementor-column-wrap elementor-element-populated\">\n\t\t\t\t\t\t\t<div class=\"elementor-widget-wrap\">\n\t\t\t\t\t\t<div class=\"elementor-element elementor-element-f3a5657 elementor-widget elementor-widget-heading\" data-id=\"f3a5657\" data-element_type=\"widget\" data-widget_type=\"heading.default\">\n\t\t\t\t<div class=\"elementor-widget-container\">\n\t\t\t<h2 class=\"elementor-heading-title elementor-size-default\">Reconocer a una pantera<\/h2>\t\t<\/div>\n\t\t\t\t<\/div>\n\t\t\t\t<div class=\"elementor-element elementor-element-d3ce665 elementor-widget elementor-widget-image\" data-id=\"d3ce665\" data-element_type=\"widget\" data-widget_type=\"image.default\">\n\t\t\t\t<div class=\"elementor-widget-container\">\n\t\t\t\t\t\t\t\t<div class=\"elementor-image\">\n\t\t\t\t\t\t\t\t\t\t\t\t<img decoding=\"async\" src=\"https:\/\/www.didacticaymatematicas.info\/SAI-content\/wp-content\/uploads\/2018\/01\/leopardo.jpg\" title=\"leopardo\" alt=\"leopardo\" loading=\"lazy\" \/>\t\t\t\t\t\t\t\t\t\t\t\t\t\t<\/div>\n\t\t\t\t\t\t<\/div>\n\t\t\t\t<\/div>\n\t\t\t\t<div class=\"elementor-element elementor-element-59a8574 elementor-widget elementor-widget-text-editor\" data-id=\"59a8574\" data-element_type=\"widget\" data-widget_type=\"text-editor.default\">\n\t\t\t\t<div class=\"elementor-widget-container\">\n\t\t\t\t\t\t\t\t<div class=\"elementor-text-editor elementor-clearfix\">\n\t\t\t\t<p>Normalmente una pantera se reconoce por sus manchas. Leopardo y guepardo son los nombres de la pantera. El guepardo, adem\u00e1s, tiene una raya negra bajolos ojos como si hubiera llorado.<br \/><strong>Manchas de pantera<\/strong><\/p><p>Una pantera y un guepardo se parecen: tienen el mismo tama\u00f1o y el pelaje con manchas. Sin embargo, el guepardo tiene la cabeza m\u00e1s peque\u00f1a y el cuerpo alargado, hecho para correr. Adem\u00e1s, sus manchas son negras, mientras que las de la pantera son oscuras, silueteadas de negro. En las panteras negras se distinguen a veces estas siluetas.<br \/><strong>Vida en los \u00e1rboles<\/strong><\/p><p>La pantera vive en las sabanas y los bosques de \u00c1frica. Durante el d\u00eda dormita, oculta en una cueva o en lo alto de un \u00e1rbol. Cuando cae la noche sale a cazar. Localiza a su presa desde un \u00e1rbol, le salta encima y vuelve a comer sobre una rama.<br \/><strong>En las nieves de Asia<\/strong><\/p><p>La pantera africana tiene parientes que viven en Asia. Uno de ellos es la pantera de las nieves, que se encuentra en las monta\u00f1as del Himalaya, incluso hasta los 5.000 metros de altura. Su espeso pelaje gris la protege del fr\u00edo y es el m\u00e1s escaso de los grandes felinos.<\/p>\t\t\t\t\t<\/div>\n\t\t\t\t\t\t<\/div>\n\t\t\t\t<\/div>\n\t\t\t\t\t\t<\/div>\n\t\t\t\t\t<\/div>\n\t\t<\/div>\n\t\t\t\t\t\t\t\t<\/div>\n\t\t\t\t\t<\/div>\n\t\t<\/section>\n\t\t\t\t<section class=\"elementor-section elementor-top-section elementor-element elementor-element-35caceb elementor-section-boxed elementor-section-height-default elementor-section-height-default\" data-id=\"35caceb\" data-element_type=\"section\" data-settings=\"{&quot;background_background&quot;:&quot;classic&quot;}\">\n\t\t\t\t\t\t<div class=\"elementor-container elementor-column-gap-default\">\n\t\t\t\t\t\t\t<div class=\"elementor-row\">\n\t\t\t\t\t<div class=\"elementor-column elementor-col-100 elementor-top-column elementor-element elementor-element-dce3927\" data-id=\"dce3927\" data-element_type=\"column\">\n\t\t\t<div class=\"elementor-column-wrap elementor-element-populated\">\n\t\t\t\t\t\t\t<div class=\"elementor-widget-wrap\">\n\t\t\t\t\t\t<div class=\"elementor-element elementor-element-95f46a2 elementor-widget elementor-widget-heading\" data-id=\"95f46a2\" data-element_type=\"widget\" data-widget_type=\"heading.default\">\n\t\t\t\t<div class=\"elementor-widget-container\">\n\t\t\t<h2 class=\"elementor-heading-title elementor-size-default\">Las Mariposas<\/h2>\t\t<\/div>\n\t\t\t\t<\/div>\n\t\t\t\t<div class=\"elementor-element elementor-element-dbeb0f5 elementor-widget elementor-widget-image\" data-id=\"dbeb0f5\" data-element_type=\"widget\" data-widget_type=\"image.default\">\n\t\t\t\t<div class=\"elementor-widget-container\">\n\t\t\t\t\t\t\t\t<div class=\"elementor-image\">\n\t\t\t\t\t\t\t\t\t\t\t\t<img decoding=\"async\" src=\"https:\/\/www.didacticaymatematicas.info\/SAI-content\/wp-content\/uploads\/2018\/01\/butterfly.jpg\" title=\"butterfly\" alt=\"butterfly\" loading=\"lazy\" \/>\t\t\t\t\t\t\t\t\t\t\t\t\t\t<\/div>\n\t\t\t\t\t\t<\/div>\n\t\t\t\t<\/div>\n\t\t\t\t<div class=\"elementor-element elementor-element-ee1b96f elementor-widget elementor-widget-text-editor\" data-id=\"ee1b96f\" data-element_type=\"widget\" data-widget_type=\"text-editor.default\">\n\t\t\t\t<div class=\"elementor-widget-container\">\n\t\t\t\t\t\t\t\t<div class=\"elementor-text-editor elementor-clearfix\">\n\t\t\t\t<p><strong>El horario de sue\u00f1o de las mariposas<\/strong><\/p><p>Algunas mariposas duermen por la noche y otras por el d\u00eda.<\/p><p><strong>Mariposas diurnas<\/strong><\/p><p>Las mariposas diurnas tienen el cuerpo delgado y ligero. Cuando est\u00e1n en reposo, sus alas quedan plegadas verticalmente sobre el abdomen. Algunas de ellas, como la mariposa de la col, son nocivas, pues sus larvas roen y destruyen las hojas de numerosas hortalizas.<br \/><strong>Mariposas nocturnas<\/strong><\/p><p>Las mariposas nocturnas se despiertan con el crep\u00fasculo. Su cuerpo es voluminoso y sus alas, muy pesadas, siempre est\u00e1n abiertas, incluso en reposo. El vuelo de estas mariposas es ruidoso y r\u00e1pido, rectil\u00edneo o sigue amplias curvas. \u00a1Las mariposas esfinge pueden alcanzar los 50 Km\/h!<\/p><p><strong>Viajes y destinos<\/strong><\/p><p>\u00bfSabes que las mariposas migratorias recorren miles de kil\u00f3metros para poner sus huevos? La esfinge del laurel vuela desde \u00c1frica hasta Finlandia. Otras especies, como la monarca, emigran por millones desde Am\u00e9rica hacia Australia o Europa. Al rev\u00e9s que las aves, hacen el viaje una sola vez.<\/p>\t\t\t\t\t<\/div>\n\t\t\t\t\t\t<\/div>\n\t\t\t\t<\/div>\n\t\t\t\t\t\t<\/div>\n\t\t\t\t\t<\/div>\n\t\t<\/div>\n\t\t\t\t\t\t\t\t<\/div>\n\t\t\t\t\t<\/div>\n\t\t<\/section>\n\t\t\t\t<section class=\"elementor-section elementor-top-section elementor-element elementor-element-24d3312 elementor-section-boxed elementor-section-height-default elementor-section-height-default\" data-id=\"24d3312\" data-element_type=\"section\" data-settings=\"{&quot;background_background&quot;:&quot;classic&quot;}\">\n\t\t\t\t\t\t<div class=\"elementor-container elementor-column-gap-default\">\n\t\t\t\t\t\t\t<div class=\"elementor-row\">\n\t\t\t\t\t<div class=\"elementor-column elementor-col-100 elementor-top-column elementor-element elementor-element-e49ef29\" data-id=\"e49ef29\" data-element_type=\"column\">\n\t\t\t<div class=\"elementor-column-wrap elementor-element-populated\">\n\t\t\t\t\t\t\t<div class=\"elementor-widget-wrap\">\n\t\t\t\t\t\t<div class=\"elementor-element elementor-element-e265b04 elementor-widget elementor-widget-heading\" data-id=\"e265b04\" data-element_type=\"widget\" data-widget_type=\"heading.default\">\n\t\t\t\t<div class=\"elementor-widget-container\">\n\t\t\t<h2 class=\"elementor-heading-title elementor-size-default\">El nacimiento de la monta\u00f1a<\/h2>\t\t<\/div>\n\t\t\t\t<\/div>\n\t\t\t\t<div class=\"elementor-element elementor-element-3a79759 elementor-widget elementor-widget-image\" data-id=\"3a79759\" data-element_type=\"widget\" data-widget_type=\"image.default\">\n\t\t\t\t<div class=\"elementor-widget-container\">\n\t\t\t\t\t\t\t\t<div class=\"elementor-image\">\n\t\t\t\t\t\t\t\t\t\t\t\t<img decoding=\"async\" src=\"https:\/\/www.didacticaymatematicas.info\/SAI-content\/wp-content\/uploads\/2018\/01\/montana.jpg\" title=\"montana\" alt=\"montana\" loading=\"lazy\" \/>\t\t\t\t\t\t\t\t\t\t\t\t\t\t<\/div>\n\t\t\t\t\t\t<\/div>\n\t\t\t\t<\/div>\n\t\t\t\t<div class=\"elementor-element elementor-element-eb72018 elementor-widget elementor-widget-text-editor\" data-id=\"eb72018\" data-element_type=\"widget\" data-widget_type=\"text-editor.default\">\n\t\t\t\t<div class=\"elementor-widget-container\">\n\t\t\t\t\t\t\t\t<div class=\"elementor-text-editor elementor-clearfix\">\n\t\t\t\t<p>Una monta\u00f1a nace cuando chocan dos placas de la corteza terrestre.<\/p><p><strong>Placas encontradas<\/strong><\/p><p>Las cadenas de monta\u00f1as se forman all\u00ed donde las placas de la corteza terrestre se encuentran. Cuando las dos placas continentales chocan, la colisi\u00f3n hace que las rocas monten unas sobre otras. El resultado es que se elevan lentamente. As\u00ed nacieron los Alpes.<\/p><p><strong>Placas que se hunden<\/strong><\/p><p>Si una placa que est\u00e1 en el fondo de un oc\u00e9ano, una placa oce\u00e1nica, choca con una placa continental, la primera se hunde bajo la segunda, la levanta y la pliega. Los Andes nacieron as\u00ed. La placa que se hunde acaba por fundirse en las profundidades. El magma as\u00ed originando sube a la superficie, donde forma volcanes.<\/p><p><strong>Crecer poco a poco<\/strong><\/p><p>Algunas monta\u00f1as son muy viejas y han sido desgastadas por la erosi\u00f3n. Otras siguen creciendo. As\u00ed, el Mont Blanc se eleva a\u00fan 1 mm cada a\u00f1o. Es poco, pero como la vida de una monta\u00f1a se cuenta en millones de a\u00f1os, \u00a1eso hace 1km por cada mill\u00f3n de a\u00f1os!<\/p>\t\t\t\t\t<\/div>\n\t\t\t\t\t\t<\/div>\n\t\t\t\t<\/div>\n\t\t\t\t\t\t<\/div>\n\t\t\t\t\t<\/div>\n\t\t<\/div>\n\t\t\t\t\t\t\t\t<\/div>\n\t\t\t\t\t<\/div>\n\t\t<\/section>\n\t\t\t\t<section class=\"elementor-section elementor-top-section elementor-element elementor-element-764fb7b elementor-section-boxed elementor-section-height-default elementor-section-height-default\" data-id=\"764fb7b\" data-element_type=\"section\" data-settings=\"{&quot;background_background&quot;:&quot;classic&quot;}\">\n\t\t\t\t\t\t<div class=\"elementor-container elementor-column-gap-default\">\n\t\t\t\t\t\t\t<div class=\"elementor-row\">\n\t\t\t\t\t<div class=\"elementor-column elementor-col-100 elementor-top-column elementor-element elementor-element-f9f1b05\" data-id=\"f9f1b05\" data-element_type=\"column\">\n\t\t\t<div class=\"elementor-column-wrap elementor-element-populated\">\n\t\t\t\t\t\t\t<div class=\"elementor-widget-wrap\">\n\t\t\t\t\t\t<div class=\"elementor-element elementor-element-f144f0c elementor-widget elementor-widget-heading\" data-id=\"f144f0c\" data-element_type=\"widget\" data-widget_type=\"heading.default\">\n\t\t\t\t<div class=\"elementor-widget-container\">\n\t\t\t<h2 class=\"elementor-heading-title elementor-size-default\">Reciclar las pilas para mejorar el medio ambiente<\/h2>\t\t<\/div>\n\t\t\t\t<\/div>\n\t\t\t\t<div class=\"elementor-element elementor-element-bd72db3 elementor-widget elementor-widget-image\" data-id=\"bd72db3\" data-element_type=\"widget\" data-widget_type=\"image.default\">\n\t\t\t\t<div class=\"elementor-widget-container\">\n\t\t\t\t\t\t\t\t<div class=\"elementor-image\">\n\t\t\t\t\t\t\t\t\t\t\t\t<img decoding=\"async\" src=\"https:\/\/www.didacticaymatematicas.info\/SAI-content\/wp-content\/uploads\/2018\/01\/battery.jpg\" title=\"battery\" alt=\"battery\" loading=\"lazy\" \/>\t\t\t\t\t\t\t\t\t\t\t\t\t\t<\/div>\n\t\t\t\t\t\t<\/div>\n\t\t\t\t<\/div>\n\t\t\t\t<div class=\"elementor-element elementor-element-3e49d2c elementor-widget elementor-widget-text-editor\" data-id=\"3e49d2c\" data-element_type=\"widget\" data-widget_type=\"text-editor.default\">\n\t\t\t\t<div class=\"elementor-widget-container\">\n\t\t\t\t\t\t\t\t<div class=\"elementor-text-editor elementor-clearfix\">\n\t\t\t\t<p><strong>La contaminaci\u00f3n y su importancia<\/strong><\/p><p>Los juguetes de muchas casas funcionan con pilas. Muchas veces se gastan y hay que cambiarlas, pero en lugar de tirarlas a la basura, debemos reciclarlas. Si las tir\u00e1semos, estas ir\u00edan al vertedero municipal y all\u00ed ser\u00edan enterradas o incineradas. Pero este proceso, hace que el producto t\u00f3xico que desprende la pila vaya a parar a la tierra e incluso a la atm\u00f3sfera.<\/p><p><strong>El h\u00e1bito de reciclar<\/strong><\/p><p>Las pilas usadas, puestas en contenedores especiales, son recuperadas en f\u00e1bricas que se dedican a esta actividad. All\u00ed los valiosos materiales que las componen son reutilizados. Esto representa un importante ahorro en materias primas. Y lo mejor de todo, \u00a1es que pueden reciclarse indefinidamente!<\/p><p><strong>Pilas como nuevas<\/strong><\/p><p>En Francia se venden cada a\u00f1o alrededor de 600 millones de pilas: 10 pilas por persona y 25.000 toneladas de residuos t\u00f3xicos. Por suerte, casi todas se reciclan. Fundidas a m\u00e1s de 1.600 \u00baC, son trasformadas en lingotes de metales, sobre todo de acero, y reutilizadas de nuevo.<\/p>\t\t\t\t\t<\/div>\n\t\t\t\t\t\t<\/div>\n\t\t\t\t<\/div>\n\t\t\t\t\t\t<\/div>\n\t\t\t\t\t<\/div>\n\t\t<\/div>\n\t\t\t\t\t\t\t\t<\/div>\n\t\t\t\t\t<\/div>\n\t\t<\/section>\n\t\t\t\t<section class=\"elementor-section elementor-top-section elementor-element elementor-element-9845a5c elementor-section-boxed elementor-section-height-default elementor-section-height-default\" data-id=\"9845a5c\" data-element_type=\"section\" data-settings=\"{&quot;background_background&quot;:&quot;classic&quot;}\">\n\t\t\t\t\t\t<div class=\"elementor-container elementor-column-gap-default\">\n\t\t\t\t\t\t\t<div class=\"elementor-row\">\n\t\t\t\t\t<div class=\"elementor-column elementor-col-100 elementor-top-column elementor-element elementor-element-885eb17\" data-id=\"885eb17\" data-element_type=\"column\">\n\t\t\t<div class=\"elementor-column-wrap elementor-element-populated\">\n\t\t\t\t\t\t\t<div class=\"elementor-widget-wrap\">\n\t\t\t\t\t\t<div class=\"elementor-element elementor-element-1891f9c elementor-widget elementor-widget-heading\" data-id=\"1891f9c\" data-element_type=\"widget\" data-widget_type=\"heading.default\">\n\t\t\t\t<div class=\"elementor-widget-container\">\n\t\t\t<h2 class=\"elementor-heading-title elementor-size-default\">El nombre y el apellido<\/h2>\t\t<\/div>\n\t\t\t\t<\/div>\n\t\t\t\t<div class=\"elementor-element elementor-element-f519a92 elementor-widget elementor-widget-image\" data-id=\"f519a92\" data-element_type=\"widget\" data-widget_type=\"image.default\">\n\t\t\t\t<div class=\"elementor-widget-container\">\n\t\t\t\t\t\t\t\t<div class=\"elementor-image\">\n\t\t\t\t\t\t\t\t\t\t\t\t<img decoding=\"async\" src=\"https:\/\/www.didacticaymatematicas.info\/SAI-content\/wp-content\/uploads\/2018\/01\/name.jpg\" title=\"name\" alt=\"name\" loading=\"lazy\" \/>\t\t\t\t\t\t\t\t\t\t\t\t\t\t<\/div>\n\t\t\t\t\t\t<\/div>\n\t\t\t\t<\/div>\n\t\t\t\t<div class=\"elementor-element elementor-element-183b130 elementor-widget elementor-widget-text-editor\" data-id=\"183b130\" data-element_type=\"widget\" data-widget_type=\"text-editor.default\">\n\t\t\t\t<div class=\"elementor-widget-container\">\n\t\t\t\t\t\t\t\t<div class=\"elementor-text-editor elementor-clearfix\">\n\t\t\t\t<p><strong>Elegir el nombre<\/strong><\/p><p>Cuando un beb\u00e9 nace, sus padres deben inscribirle con un nombre en el registro. A menudo eligen un nombre conocido, como el de un santo, el de alguien de su familia, el de un h\u00e9roe de un libro o el de una pel\u00edcula. Incluso pueden inventarse el nombre, pero hay que tener cuidado ya que los tribunales podr\u00edan rechazar los nombres \u201cdemasiado originales\u201d.<br \/><strong>Apellidos familiares<\/strong><\/p><p>Durante mucho tiempo se pon\u00eda a los ni\u00f1os primero el apellido del padre y luego el de la madre. Actualmente los padres tienen derecho a elegir como apellidos los del padre o los de la madre. Solo hay una \u00fanica obligaci\u00f3n, que es la de que todos los ni\u00f1os de la familia lleven los mismos apellidos.<br \/><strong>\u00bfPodemos cambiarnos el apellido?<\/strong><\/p><p>El apellido es algo que camina con nosotros para toda la vida. Sin embargo, se puede cambiar. Si a alguien no le gusta su apellido, puede pedir a un juez cambiarlo o elegir un seud\u00f3nimo, es decir, otro apellido que le servir\u00e1 en la vida cotidiana.<\/p>\t\t\t\t\t<\/div>\n\t\t\t\t\t\t<\/div>\n\t\t\t\t<\/div>\n\t\t\t\t\t\t<\/div>\n\t\t\t\t\t<\/div>\n\t\t<\/div>\n\t\t\t\t\t\t\t\t<\/div>\n\t\t\t\t\t<\/div>\n\t\t<\/section>\n\t\t\t\t<section class=\"elementor-section elementor-top-section elementor-element elementor-element-54cdf0d elementor-section-boxed elementor-section-height-default elementor-section-height-default\" data-id=\"54cdf0d\" data-element_type=\"section\" data-settings=\"{&quot;background_background&quot;:&quot;classic&quot;}\">\n\t\t\t\t\t\t<div class=\"elementor-container elementor-column-gap-default\">\n\t\t\t\t\t\t\t<div class=\"elementor-row\">\n\t\t\t\t\t<div class=\"elementor-column elementor-col-100 elementor-top-column elementor-element elementor-element-41dcfe0\" data-id=\"41dcfe0\" data-element_type=\"column\">\n\t\t\t<div class=\"elementor-column-wrap elementor-element-populated\">\n\t\t\t\t\t\t\t<div class=\"elementor-widget-wrap\">\n\t\t\t\t\t\t<div class=\"elementor-element elementor-element-3d90e66 elementor-widget elementor-widget-heading\" data-id=\"3d90e66\" data-element_type=\"widget\" data-widget_type=\"heading.default\">\n\t\t\t\t<div class=\"elementor-widget-container\">\n\t\t\t<h2 class=\"elementor-heading-title elementor-size-default\">\u00bfLa escuela es id\u00e9ntica en todo el mundo?<\/h2>\t\t<\/div>\n\t\t\t\t<\/div>\n\t\t\t\t<div class=\"elementor-element elementor-element-44fe061 elementor-widget elementor-widget-image\" data-id=\"44fe061\" data-element_type=\"widget\" data-widget_type=\"image.default\">\n\t\t\t\t<div class=\"elementor-widget-container\">\n\t\t\t\t\t\t\t\t<div class=\"elementor-image\">\n\t\t\t\t\t\t\t\t\t\t\t\t<img decoding=\"async\" src=\"https:\/\/www.didacticaymatematicas.info\/SAI-content\/wp-content\/uploads\/2018\/01\/escuelas.jpg\" title=\"escuelas\" alt=\"escuelas\" loading=\"lazy\" \/>\t\t\t\t\t\t\t\t\t\t\t\t\t\t<\/div>\n\t\t\t\t\t\t<\/div>\n\t\t\t\t<\/div>\n\t\t\t\t<div class=\"elementor-element elementor-element-81e50c2 elementor-widget elementor-widget-text-editor\" data-id=\"81e50c2\" data-element_type=\"widget\" data-widget_type=\"text-editor.default\">\n\t\t\t\t<div class=\"elementor-widget-container\">\n\t\t\t\t\t\t\t\t<div class=\"elementor-text-editor elementor-clearfix\">\n\t\t\t\t<p>No. La escuela y los m\u00e9todos educativos suelen variar seg\u00fan los pa\u00edses.<\/p><p><strong>Escuela de vida<\/strong><\/p><p>En la escuela se aprenden muchas cosas, que es necesario saber, para el desarrollo de la vida y el futuro laboral. En muchos pa\u00edses de Europa los ni\u00f1os van a la escuela a partir de los seis a\u00f1os, y es obligatoria hasta los diecis\u00e9is. Es algo bueno, aunque a veces no tengas ganas de levantarte. En Francia, Jules Ferry invent\u00f3 en el siglo XIX la escuela p\u00fablica y obligatoria para todos los ni\u00f1os.<\/p><p><strong>Escuelas diferentes<\/strong><\/p><p>La escuela no es igual en todas partes. Cada pa\u00eds tiene sus costumbres y sus ritmos. Por ejemplo, en Espa\u00f1a unas escuelas abren por la tarde y otras no. En Alemania, los alumnos trabajan por la ma\u00f1ana las asignaturas generales y la tarde est\u00e1 reservada para los deportes y las actividades manuales.<\/p><p><strong>La escuela en \u00c1frica<\/strong><\/p><p>En algunos pa\u00edses de \u00c1frica los ni\u00f1os viven en poblados muy distantes unos de otros y por ello es imposible reunirlos en una misma escuela. Por eso se organizan clases en cada aldea, juntando a los ni\u00f1os al aire libre. Justo lo contrario ocurre a\u00fan en pueblos y zonas rurales peque\u00f1as de Espa\u00f1a con un n\u00famero muy limitado de ni\u00f1os en edad escolar, que re\u00fanen en un pueblo concreto y, en general m\u00e1s grande, a ni\u00f1os de diferentes lugares cercanos.<\/p>\t\t\t\t\t<\/div>\n\t\t\t\t\t\t<\/div>\n\t\t\t\t<\/div>\n\t\t\t\t\t\t<\/div>\n\t\t\t\t\t<\/div>\n\t\t<\/div>\n\t\t\t\t\t\t\t\t<\/div>\n\t\t\t\t\t<\/div>\n\t\t<\/section>\n\t\t\t\t<section class=\"elementor-section elementor-top-section elementor-element elementor-element-7d1577f elementor-section-boxed elementor-section-height-default elementor-section-height-default\" data-id=\"7d1577f\" data-element_type=\"section\" data-settings=\"{&quot;background_background&quot;:&quot;classic&quot;}\">\n\t\t\t\t\t\t<div class=\"elementor-container elementor-column-gap-default\">\n\t\t\t\t\t\t\t<div class=\"elementor-row\">\n\t\t\t\t\t<div class=\"elementor-column elementor-col-100 elementor-top-column elementor-element elementor-element-fbbb178\" data-id=\"fbbb178\" data-element_type=\"column\">\n\t\t\t<div class=\"elementor-column-wrap elementor-element-populated\">\n\t\t\t\t\t\t\t<div class=\"elementor-widget-wrap\">\n\t\t\t\t\t\t<div class=\"elementor-element elementor-element-7a5bdff elementor-widget elementor-widget-heading\" data-id=\"7a5bdff\" data-element_type=\"widget\" data-widget_type=\"heading.default\">\n\t\t\t\t<div class=\"elementor-widget-container\">\n\t\t\t<h2 class=\"elementor-heading-title elementor-size-default\">El avance de los desiertos<\/h2>\t\t<\/div>\n\t\t\t\t<\/div>\n\t\t\t\t<div class=\"elementor-element elementor-element-7bcb0aa elementor-widget elementor-widget-image\" data-id=\"7bcb0aa\" data-element_type=\"widget\" data-widget_type=\"image.default\">\n\t\t\t\t<div class=\"elementor-widget-container\">\n\t\t\t\t\t\t\t\t<div class=\"elementor-image\">\n\t\t\t\t\t\t\t\t\t\t\t\t<img decoding=\"async\" src=\"https:\/\/www.didacticaymatematicas.info\/SAI-content\/wp-content\/uploads\/2018\/01\/desierto.jpg\" title=\"desierto\" alt=\"desierto\" loading=\"lazy\" \/>\t\t\t\t\t\t\t\t\t\t\t\t\t\t<\/div>\n\t\t\t\t\t\t<\/div>\n\t\t\t\t<\/div>\n\t\t\t\t<div class=\"elementor-element elementor-element-aa3bddb elementor-widget elementor-widget-text-editor\" data-id=\"aa3bddb\" data-element_type=\"widget\" data-widget_type=\"text-editor.default\">\n\t\t\t\t<div class=\"elementor-widget-container\">\n\t\t\t\t\t\t\t\t<div class=\"elementor-text-editor elementor-clearfix\">\n\t\t\t\t<p>Porque los hombres hacen desaparecer el agua y las plantas a su alrededor.<\/p><p><strong>Cada vez hay m\u00e1s gente<\/strong><\/p><p>Durante mucho tiempo, las regiones pr\u00f3ximas a los desiertos estaban poco habitadas. Ahora, muchos n\u00f3madas (los hombres que viven desplaz\u00e1ndose por el desierto) se instalan en un peque\u00f1o pedazo de tierra y que quedan a vivir en \u00e9l. Abren pozos para recoger agua, dar de beber a los animales y regar lo que plantan para alimentarse. Tambi\u00e9n cortan \u00e1rboles y arbustos para hacer fogatas y cocinar.<\/p><p><strong>Cada vez hay menos agua<\/strong><\/p><p>Los animales pacen y se comen toda la hierba; el agua, demasiado utilizada, se agota poco a poco y ya no se puede vivir en este lugar, que se ha convertido en un trozo de desierto. Entonces, los hombres se van y vuelven a empezar un poco m\u00e1s lejos.<\/p><p><strong>Diez a\u00f1os sin llover<\/strong><\/p><p>Si t\u00fa tuvieses diez a\u00f1os y vivieses en el desierto, es posible que no hubieses visto nunca una gota de lluvia. S\u00ed, porque pueden pasar diez a\u00f1os antes de que llueva. Pero en cuanto llueve, las plantas crecen muy deprisa y algunos animalitos se dan un fest\u00edn.<\/p><p><strong>\u00bfLo sab\u00edas?<\/strong><\/p><p>En algunos desiertos la temperatura puede subir hasta unos 56\u00baC y en otros, como Siberia, bajar hasta -78\u00baC. En un mismo desierto y d\u00eda, se pueden alcanzar los 40\u00baC durante el d\u00eda y los 0\u00baC durante la noche.<\/p>\t\t\t\t\t<\/div>\n\t\t\t\t\t\t<\/div>\n\t\t\t\t<\/div>\n\t\t\t\t\t\t<\/div>\n\t\t\t\t\t<\/div>\n\t\t<\/div>\n\t\t\t\t\t\t\t\t<\/div>\n\t\t\t\t\t<\/div>\n\t\t<\/section>\n\t\t\t\t<section class=\"elementor-section elementor-top-section elementor-element elementor-element-57f6712 elementor-section-boxed elementor-section-height-default elementor-section-height-default\" data-id=\"57f6712\" data-element_type=\"section\" data-settings=\"{&quot;background_background&quot;:&quot;classic&quot;}\">\n\t\t\t\t\t\t<div class=\"elementor-container elementor-column-gap-default\">\n\t\t\t\t\t\t\t<div class=\"elementor-row\">\n\t\t\t\t\t<div class=\"elementor-column elementor-col-100 elementor-top-column elementor-element elementor-element-5ad4afd\" data-id=\"5ad4afd\" data-element_type=\"column\">\n\t\t\t<div class=\"elementor-column-wrap elementor-element-populated\">\n\t\t\t\t\t\t\t<div class=\"elementor-widget-wrap\">\n\t\t\t\t\t\t<div class=\"elementor-element elementor-element-d0d02a6 elementor-widget elementor-widget-heading\" data-id=\"d0d02a6\" data-element_type=\"widget\" data-widget_type=\"heading.default\">\n\t\t\t\t<div class=\"elementor-widget-container\">\n\t\t\t<h2 class=\"elementor-heading-title elementor-size-default\">Curiosidades MATEM\u00c1TICAS<\/h2>\t\t<\/div>\n\t\t\t\t<\/div>\n\t\t\t\t<div class=\"elementor-element elementor-element-dbc148b elementor-widget elementor-widget-image\" data-id=\"dbc148b\" data-element_type=\"widget\" data-widget_type=\"image.default\">\n\t\t\t\t<div class=\"elementor-widget-container\">\n\t\t\t\t\t\t\t\t<div class=\"elementor-image\">\n\t\t\t\t\t\t\t\t\t\t\t\t<img decoding=\"async\" src=\"https:\/\/www.didacticaymatematicas.info\/SAI-content\/wp-content\/uploads\/2018\/01\/matemat.jpg\" title=\"matemat\" alt=\"matemat\" loading=\"lazy\" \/>\t\t\t\t\t\t\t\t\t\t\t\t\t\t<\/div>\n\t\t\t\t\t\t<\/div>\n\t\t\t\t<\/div>\n\t\t\t\t<div class=\"elementor-element elementor-element-1436ecb elementor-widget elementor-widget-text-editor\" data-id=\"1436ecb\" data-element_type=\"widget\" data-widget_type=\"text-editor.default\">\n\t\t\t\t<div class=\"elementor-widget-container\">\n\t\t\t\t\t\t\t\t<div class=\"elementor-text-editor elementor-clearfix\">\n\t\t\t\t<p><strong>1.<\/strong> Hasta el siglo XVI, las\u00a0multiplicaciones\u00a0se consideraban tan dif\u00edciles que s\u00f3lo se ense\u00f1aban en las\u00a0universidades.<\/p><p><strong>2.<\/strong> Robert Recorde invent\u00f3, hace m\u00e1s de 400 a\u00f1os, las dos rayas = para indicar la igualdad, porque\u00a0\u201cdos cosas no pueden ser m\u00e1s iguales que dos rectas paralelas\u201d.<\/p><p><strong>3.<\/strong> El\u00a0sistema sexagesimal, del que nos servimos para las unidades horas, minutos o grados, se desarroll\u00f3 hace siglos en la antigua\u00a0Babilonia.<br \/><strong>4.<\/strong> Los\u00a0n\u00fameros negativos empezaron a usarse en la India en el siglo VII\u00a0para indicar las deudas.<\/p><p><strong>5.<\/strong> Sin embargo, hasta el\u00a0s. XVIII\u00a0los n\u00fameros negativos no fueron\u00a0aceptados universalmente.<\/p>\t\t\t\t\t<\/div>\n\t\t\t\t\t\t<\/div>\n\t\t\t\t<\/div>\n\t\t\t\t\t\t<\/div>\n\t\t\t\t\t<\/div>\n\t\t<\/div>\n\t\t\t\t\t\t\t\t<\/div>\n\t\t\t\t\t<\/div>\n\t\t<\/section>\n\t\t\t\t<section class=\"elementor-section elementor-top-section elementor-element elementor-element-4d1e0dc elementor-section-boxed elementor-section-height-default elementor-section-height-default\" data-id=\"4d1e0dc\" data-element_type=\"section\" data-settings=\"{&quot;background_background&quot;:&quot;classic&quot;}\">\n\t\t\t\t\t\t<div class=\"elementor-container elementor-column-gap-default\">\n\t\t\t\t\t\t\t<div class=\"elementor-row\">\n\t\t\t\t\t<div class=\"elementor-column elementor-col-100 elementor-top-column elementor-element elementor-element-eec3b36\" data-id=\"eec3b36\" data-element_type=\"column\">\n\t\t\t<div class=\"elementor-column-wrap elementor-element-populated\">\n\t\t\t\t\t\t\t<div class=\"elementor-widget-wrap\">\n\t\t\t\t\t\t<div class=\"elementor-element elementor-element-ff91eb3 elementor-widget elementor-widget-heading\" data-id=\"ff91eb3\" data-element_type=\"widget\" data-widget_type=\"heading.default\">\n\t\t\t\t<div class=\"elementor-widget-container\">\n\t\t\t<h2 class=\"elementor-heading-title elementor-size-default\">Curiosidades CIENT\u00cdFICAS<\/h2>\t\t<\/div>\n\t\t\t\t<\/div>\n\t\t\t\t<div class=\"elementor-element elementor-element-7f7fca2 elementor-widget elementor-widget-image\" data-id=\"7f7fca2\" data-element_type=\"widget\" data-widget_type=\"image.default\">\n\t\t\t\t<div class=\"elementor-widget-container\">\n\t\t\t\t\t\t\t\t<div class=\"elementor-image\">\n\t\t\t\t\t\t\t\t\t\t\t\t<img decoding=\"async\" src=\"https:\/\/www.didacticaymatematicas.info\/SAI-content\/wp-content\/uploads\/2018\/01\/science.jpg\" title=\"science\" alt=\"science\" loading=\"lazy\" \/>\t\t\t\t\t\t\t\t\t\t\t\t\t\t<\/div>\n\t\t\t\t\t\t<\/div>\n\t\t\t\t<\/div>\n\t\t\t\t<div class=\"elementor-element elementor-element-7edb623 elementor-widget elementor-widget-text-editor\" data-id=\"7edb623\" data-element_type=\"widget\" data-widget_type=\"text-editor.default\">\n\t\t\t\t<div class=\"elementor-widget-container\">\n\t\t\t\t\t\t\t\t<div class=\"elementor-text-editor elementor-clearfix\">\n\t\t\t\t<p><strong>1.<\/strong> La luz tarda 8 minutos y 17 segundos en viajar desde el Sol hasta la superficie terrestre.<\/p><p><strong>2.<\/strong> El 12 de octubre de 1999 se declar\u00f3 \u201cel d\u00eda de los seis mil millones de personas\u201d, seg\u00fan los pron\u00f3sticos de Naciones Unidas. Y el 31 de octubre de 2011 fue el d\u00eda de los siete mil millones de personas. Los 8.000 millones se esperan para el 2027<\/p><p><strong>3.<\/strong> La Tierra rota a una velocidad de 1 609 km\/h, pero se desplaza a trav\u00e9s del espacio a la incre\u00edble velocidad de 107 826 km\/h. Hace poco han determinado la velocidad del sol en 864.000 Km\/h<\/p><p><strong>4.<\/strong> Cuando el volc\u00e1n de Krakatoa hizo erupci\u00f3n en 1883, la fuerza que desat\u00f3 fue tan colosal que pudo o\u00edrse en Australia, a m\u00e1s de 4 800 km de distancia.<\/p><p><strong>5.<\/strong> La piedra de granizo m\u00e1s grande pesaba 1kg y cay\u00f3 en Bangladesh en 1986.<\/p>\t\t\t\t\t<\/div>\n\t\t\t\t\t\t<\/div>\n\t\t\t\t<\/div>\n\t\t\t\t\t\t<\/div>\n\t\t\t\t\t<\/div>\n\t\t<\/div>\n\t\t\t\t\t\t\t\t<\/div>\n\t\t\t\t\t<\/div>\n\t\t<\/section>\n\t\t\t\t<section class=\"elementor-section elementor-top-section elementor-element elementor-element-07736c8 elementor-section-boxed elementor-section-height-default elementor-section-height-default\" data-id=\"07736c8\" data-element_type=\"section\" data-settings=\"{&quot;background_background&quot;:&quot;classic&quot;}\">\n\t\t\t\t\t\t<div class=\"elementor-container elementor-column-gap-default\">\n\t\t\t\t\t\t\t<div class=\"elementor-row\">\n\t\t\t\t\t<div class=\"elementor-column elementor-col-100 elementor-top-column elementor-element elementor-element-f932547\" data-id=\"f932547\" data-element_type=\"column\">\n\t\t\t<div class=\"elementor-column-wrap elementor-element-populated\">\n\t\t\t\t\t\t\t<div class=\"elementor-widget-wrap\">\n\t\t\t\t\t\t<div class=\"elementor-element elementor-element-2604cf9 elementor-widget elementor-widget-heading\" data-id=\"2604cf9\" data-element_type=\"widget\" data-widget_type=\"heading.default\">\n\t\t\t\t<div class=\"elementor-widget-container\">\n\t\t\t<h2 class=\"elementor-heading-title elementor-size-default\">COLOMBIA<\/h2>\t\t<\/div>\n\t\t\t\t<\/div>\n\t\t\t\t<div class=\"elementor-element elementor-element-e8cc6b4 elementor-widget elementor-widget-image\" data-id=\"e8cc6b4\" data-element_type=\"widget\" data-widget_type=\"image.default\">\n\t\t\t\t<div class=\"elementor-widget-container\">\n\t\t\t\t\t\t\t\t<div class=\"elementor-image\">\n\t\t\t\t\t\t\t\t\t\t\t\t<img decoding=\"async\" src=\"https:\/\/www.didacticaymatematicas.info\/SAI-content\/wp-content\/uploads\/2018\/01\/colombia-2.jpg\" title=\"colombia-2\" alt=\"colombia-2\" loading=\"lazy\" \/>\t\t\t\t\t\t\t\t\t\t\t\t\t\t<\/div>\n\t\t\t\t\t\t<\/div>\n\t\t\t\t<\/div>\n\t\t\t\t<div class=\"elementor-element elementor-element-05e11e2 elementor-widget elementor-widget-text-editor\" data-id=\"05e11e2\" data-element_type=\"widget\" data-widget_type=\"text-editor.default\">\n\t\t\t\t<div class=\"elementor-widget-container\">\n\t\t\t\t\t\t\t\t<div class=\"elementor-text-editor elementor-clearfix\">\n\t\t\t\t<p><strong>1.<\/strong> Biodiversidad.<\/p><p>Somos el segundo pa\u00eds a nivel mundial con mayor diversidad biol\u00f3gica. Pero, en otras cuentas, somos el primer pa\u00eds en tener mayor biodiversidad por metro cuadrado.<br \/><strong>2.<\/strong> Caf\u00e9.<\/p><p>Nuestro caf\u00e9 es uno de los m\u00e1s reconocidos a nivel mundial. Tenemos cuatro tipos de caf\u00e9s que se desarrollan dentro del grupo del caf\u00e9 ar\u00e1bico. Es reconocido por su alta calidad y el trabajo de los caficultores colombianos.<\/p><p><strong>3.<\/strong> Esmeraldas.<\/p><p>De toda la producci\u00f3n de esmeraldas que se registra en el mundo, se tiene claro que el 95% de esas esmeraldas, pertenecen a la producci\u00f3n colombiana.<\/p><p><strong>4.<\/strong> Poblaci\u00f3n nativa.<\/p><p>En el pa\u00eds habitan, aproxim\u00e1damente, 85 tribus ind\u00edgenas. Nuestras costumbres, m\u00fasica, gastronom\u00eda y manifestaciones, las debemos, en mayor medida, a esas tribus.<\/p><p><strong>5.<\/strong> Mam\u00edferos.<\/p><p>En el posicionamiento mundial, no nos quedamos atr\u00e1s. Somos el cuarto pa\u00eds con la mayor cantidad de especies de mam\u00edferos. Contamos con 456 especies diferentes.<\/p><p><strong>6.<\/strong> Marcapasos.<\/p><p>Jorge Reynolds Pombo es un colombiano reconocido a nivel internacional y nacional por su gran aporte a la salud cardiovascular. Es el creador del primer marcapasos externo.<\/p>\t\t\t\t\t<\/div>\n\t\t\t\t\t\t<\/div>\n\t\t\t\t<\/div>\n\t\t\t\t\t\t<\/div>\n\t\t\t\t\t<\/div>\n\t\t<\/div>\n\t\t\t\t\t\t\t\t<\/div>\n\t\t\t\t\t<\/div>\n\t\t<\/section>\n\t\t\t\t<section class=\"elementor-section elementor-top-section elementor-element elementor-element-5dd9ae33 elementor-section-boxed elementor-section-height-default elementor-section-height-default\" data-id=\"5dd9ae33\" data-element_type=\"section\" data-settings=\"{&quot;background_background&quot;:&quot;classic&quot;}\">\n\t\t\t\t\t\t<div class=\"elementor-container elementor-column-gap-default\">\n\t\t\t\t\t\t\t<div class=\"elementor-row\">\n\t\t\t\t\t<div class=\"elementor-column elementor-col-100 elementor-top-column elementor-element elementor-element-84303fb\" data-id=\"84303fb\" data-element_type=\"column\">\n\t\t\t<div class=\"elementor-column-wrap elementor-element-populated\">\n\t\t\t\t\t\t\t<div class=\"elementor-widget-wrap\">\n\t\t\t\t\t\t<div class=\"elementor-element elementor-element-73f2e8b7 elementor-align-right elementor-widget elementor-widget-button\" data-id=\"73f2e8b7\" data-element_type=\"widget\" data-widget_type=\"button.default\">\n\t\t\t\t<div class=\"elementor-widget-container\">\n\t\t\t\t\t<div class=\"elementor-button-wrapper\">\n\t\t\t<a href=\"#inicio\" class=\"elementor-button-link elementor-button elementor-size-md\" role=\"button\">\n\t\t\t\t\t\t<span class=\"elementor-button-content-wrapper\">\n\t\t\t\t\t\t\t<span class=\"elementor-button-icon elementor-align-icon-left\">\n\t\t\t\t\t\t\t\t\t<i class=\"fa fa-arrow-circle-up\" aria-hidden=\"true\"><\/i>\n\t\t\t\t\t\t\t<\/span>\n\t\t\t\t\t\t<span class=\"elementor-button-text\"><\/span>\n\t\t<\/span>\n\t\t\t\t\t<\/a>\n\t\t<\/div>\n\t\t\t\t<\/div>\n\t\t\t\t<\/div>\n\t\t\t\t\t\t<\/div>\n\t\t\t\t\t<\/div>\n\t\t<\/div>\n\t\t\t\t\t\t\t\t<\/div>\n\t\t\t\t\t<\/div>\n\t\t<\/section>\n\t\t\t\t<section class=\"elementor-section elementor-top-section elementor-element elementor-element-a1df1a2 elementor-section-boxed elementor-section-height-default elementor-section-height-default\" data-id=\"a1df1a2\" data-element_type=\"section\" data-settings=\"{&quot;background_background&quot;:&quot;classic&quot;}\">\n\t\t\t\t\t\t<div class=\"elementor-container elementor-column-gap-default\">\n\t\t\t\t\t\t\t<div class=\"elementor-row\">\n\t\t\t\t\t<div class=\"elementor-column elementor-col-100 elementor-top-column elementor-element elementor-element-ea95b1a\" data-id=\"ea95b1a\" data-element_type=\"column\">\n\t\t\t<div class=\"elementor-column-wrap elementor-element-populated\">\n\t\t\t\t\t\t\t<div class=\"elementor-widget-wrap\">\n\t\t\t\t\t\t<div class=\"elementor-element elementor-element-d5573e2 elementor-widget elementor-widget-spacer\" data-id=\"d5573e2\" data-element_type=\"widget\" data-widget_type=\"spacer.default\">\n\t\t\t\t<div class=\"elementor-widget-container\">\n\t\t\t\t\t<div class=\"elementor-spacer\">\n\t\t\t<div class=\"elementor-spacer-inner\"><\/div>\n\t\t<\/div>\n\t\t\t\t<\/div>\n\t\t\t\t<\/div>\n\t\t\t\t\t\t<\/div>\n\t\t\t\t\t<\/div>\n\t\t<\/div>\n\t\t\t\t\t\t\t\t<\/div>\n\t\t\t\t\t<\/div>\n\t\t<\/section>\n\t\t\t\t\t\t\t\t\t<\/div>\n\t\t\t<\/div>\n\t\t\t\t\t<\/div>\n\t\t","protected":false},"excerpt":{"rendered":"<p>Volver a men\u00fa Actividades Inteligentes Curiosidades \u00bfQu\u00e9 contiene el agua de mar? El agua de mar est\u00e1 compuesta por\u00a0minerales y plancton. El agua mineral Miles de millones de toneladas de minerales est\u00e1n disueltos en el mar y la mayor parte son de sal. La \u201csal marina\u201d es el elemento principal, [&hellip;]<\/p>\n","protected":false},"author":1,"featured_media":0,"parent":0,"menu_order":0,"comment_status":"closed","ping_status":"closed","template":"elementor_canvas","meta":[],"_links":{"self":[{"href":"https:\/\/www.didacticaymatematicas.info\/SAI-content\/wp-json\/wp\/v2\/pages\/168"}],"collection":[{"href":"https:\/\/www.didacticaymatematicas.info\/SAI-content\/wp-json\/wp\/v2\/pages"}],"about":[{"href":"https:\/\/www.didacticaymatematicas.info\/SAI-content\/wp-json\/wp\/v2\/types\/page"}],"author":[{"embeddable":true,"href":"https:\/\/www.didacticaymatematicas.info\/SAI-content\/wp-json\/wp\/v2\/users\/1"}],"replies":[{"embeddable":true,"href":"https:\/\/www.didacticaymatematicas.info\/SAI-content\/wp-json\/wp\/v2\/comments?post=168"}],"version-history":[{"count":74,"href":"https:\/\/www.didacticaymatematicas.info\/SAI-content\/wp-json\/wp\/v2\/pages\/168\/revisions"}],"predecessor-version":[{"id":1406,"href":"https:\/\/www.didacticaymatematicas.info\/SAI-content\/wp-json\/wp\/v2\/pages\/168\/revisions\/1406"}],"wp:attachment":[{"href":"https:\/\/www.didacticaymatematicas.info\/SAI-content\/wp-json\/wp\/v2\/media?parent=168"}],"curies":[{"name":"wp","href":"https:\/\/api.w.org\/{rel}","templated":true}]}}